{"id":271,"date":"2021-05-28T12:50:21","date_gmt":"2021-05-28T15:50:21","guid":{"rendered":"https:\/\/www.escuelaisrael927.cl\/wordpress\/?page_id=271"},"modified":"2025-10-02T13:01:30","modified_gmt":"2025-10-02T16:01:30","slug":"directivos","status":"publish","type":"page","link":"https:\/\/www.escuelaisrael927.cl\/wordpress\/index.php\/directivos\/","title":{"rendered":"Directivos"},"content":{"rendered":"\n<p><\/p>\n\n\n\n<div class=\"wp-block-media-text is-stacked-on-mobile\" style=\"grid-template-columns:43% auto\"><figure class=\"wp-block-media-text__media\"><img fetchpriority=\"high\" decoding=\"async\" width=\"381\" height=\"523\" src=\"https:\/\/www.escuelaisrael927.cl\/wordpress\/wp-content\/uploads\/2024\/06\/Yane-1.jpg\" alt=\"\" class=\"wp-image-1055 size-full\" srcset=\"https:\/\/www.escuelaisrael927.cl\/wordpress\/wp-content\/uploads\/2024\/06\/Yane-1.jpg 381w, https:\/\/www.escuelaisrael927.cl\/wordpress\/wp-content\/uploads\/2024\/06\/Yane-1-219x300.jpg 219w\" sizes=\"(max-width: 381px) 100vw, 381px\" \/><\/figure><div class=\"wp-block-media-text__content\">\n<p class=\"has-dark-blue-color has-text-color has-link-color wp-elements-b8e07b32a3b98c34db89bc88f3f20a0e\" style=\"font-size:26px\"><strong>YANE ALARC\u00d3N<\/strong> <strong>CAMPOS<\/strong><\/p>\n\n\n\n<p class=\"has-dark-blue-color has-text-color has-link-color has-normal-font-size wp-elements-b6b8a2b96b1e90da36de24cad55fd209\"><strong>DIRECTORA GENERAL ESCUELA REP\u00daBLICA DE ISRAEL <\/strong><\/p>\n<\/div><\/div>\n\n\n\n<div class=\"wp-block-media-text is-stacked-on-mobile\" style=\"grid-template-columns:43% auto\"><figure class=\"wp-block-media-text__media\"><img decoding=\"async\" width=\"381\" height=\"523\" src=\"https:\/\/www.escuelaisrael927.cl\/wordpress\/wp-content\/uploads\/2025\/10\/Captura-de-pantalla-2024-05-23-124349-1.jpg\" alt=\"\" class=\"wp-image-2294 size-full\" srcset=\"https:\/\/www.escuelaisrael927.cl\/wordpress\/wp-content\/uploads\/2025\/10\/Captura-de-pantalla-2024-05-23-124349-1.jpg 381w, https:\/\/www.escuelaisrael927.cl\/wordpress\/wp-content\/uploads\/2025\/10\/Captura-de-pantalla-2024-05-23-124349-1-219x300.jpg 219w\" sizes=\"(max-width: 381px) 100vw, 381px\" \/><\/figure><div class=\"wp-block-media-text__content\">\n<p class=\"has-dark-blue-color has-text-color has-link-color wp-elements-b0fcf6d19c32eb03737ac93bef9a46fa\" style=\"font-size:26px\"><strong>CARMEN GLORIA BURGOS<\/strong><\/p>\n\n\n\n<p class=\"has-dark-blue-color has-text-color has-link-color has-normal-font-size wp-elements-c361c26b57ae1fa082656367087d09a4\"><strong>INSPECTORA GENERAL ESCUELA REP\u00daBLICA DE ISRAEL <\/strong><\/p>\n<\/div><\/div>\n\n\n\n<div class=\"wp-block-media-text\" style=\"grid-template-columns:43% auto\"><figure class=\"wp-block-media-text__media\"><img decoding=\"async\" width=\"381\" height=\"523\" src=\"https:\/\/www.escuelaisrael927.cl\/wordpress\/wp-content\/uploads\/2024\/06\/Sandra.jpg\" alt=\"\" class=\"wp-image-1056 size-full\" srcset=\"https:\/\/www.escuelaisrael927.cl\/wordpress\/wp-content\/uploads\/2024\/06\/Sandra.jpg 381w, https:\/\/www.escuelaisrael927.cl\/wordpress\/wp-content\/uploads\/2024\/06\/Sandra-219x300.jpg 219w\" sizes=\"(max-width: 381px) 100vw, 381px\" \/><\/figure><div class=\"wp-block-media-text__content\">\n<p class=\"has-dark-blue-color has-text-color has-link-color wp-elements-73718a1bfc4998a73f0c61a80c8421c3\" style=\"font-size:26px\"><strong>SANDRA JARA OBREQUE<\/strong><\/p>\n\n\n\n<p class=\"has-dark-blue-color has-text-color has-link-color wp-elements-9a39471a268009af10efb6709a9f4a8a\" style=\"font-size:15px\"><strong>JEFA UNIDAD T\u00c9CNICA PEDAG\u00d3GICA ESCUELA REP\u00daBLICA DE ISRAEL <\/strong><\/p>\n<\/div><\/div>\n","protected":false},"excerpt":{"rendered":"<p>YANE ALARC\u00d3N CAMPOS DIRECTORA GENERAL ESCUELA REP\u00daBLICA DE ISRAEL CARMEN GLORIA BURGOS INSPECTORA GENERAL ESCUELA REP\u00daBLICA DE ISRAEL SANDRA JARA OBREQUE JEFA UNIDAD T\u00c9CNICA PEDAG\u00d3GICA ESCUELA REP\u00daBLICA DE ISRAEL<\/p>\n","protected":false},"author":1,"featured_media":0,"parent":0,"menu_order":0,"comment_status":"closed","ping_status":"closed","template":"","meta":{"footnotes":""},"class_list":["post-271","page","type-page","status-publish","hentry"],"yoast_head":"<!-- This site is optimized with the Yoast SEO plugin v22.8 - https:\/\/yoast.com\/wordpress\/plugins\/seo\/ -->\n<title>Directivos - ESCUELA REP\u00daBLICA DE ISRAEL E-927<\/title>\n<meta name=\"robots\" content=\"index, follow, max-snippet:-1, max-image-preview:large, max-video-preview:-1\" \/>\n<link rel=\"canonical\" href=\"https:\/\/www.escuelaisrael927.cl\/wordpress\/index.php\/directivos\/\" \/>\n<meta property=\"og:locale\" content=\"es_ES\" \/>\n<meta property=\"og:type\" content=\"article\" \/>\n<meta property=\"og:title\" content=\"Directivos - ESCUELA REP\u00daBLICA DE ISRAEL E-927\" \/>\n<meta property=\"og:description\" content=\"YANE ALARC\u00d3N CAMPOS DIRECTORA GENERAL ESCUELA REP\u00daBLICA DE ISRAEL CARMEN GLORIA BURGOS INSPECTORA GENERAL ESCUELA REP\u00daBLICA DE ISRAEL SANDRA JARA OBREQUE JEFA UNIDAD T\u00c9CNICA PEDAG\u00d3GICA ESCUELA REP\u00daBLICA DE ISRAEL\" \/>\n<meta property=\"og:url\" content=\"https:\/\/www.escuelaisrael927.cl\/wordpress\/index.php\/directivos\/\" \/>\n<meta property=\"og:site_name\" content=\"ESCUELA REP\u00daBLICA DE ISRAEL E-927\" \/>\n<meta property=\"article:publisher\" content=\"https:\/\/www.facebook.com\/Escuela-Rep%c3%bablica-de-Israel-Los-%c3%81ngeles-1828716017412048\" \/>\n<meta property=\"article:modified_time\" content=\"2025-10-02T16:01:30+00:00\" \/>\n<meta property=\"og:image\" content=\"https:\/\/www.escuelaisrael927.cl\/wordpress\/wp-content\/uploads\/2024\/06\/Yane-1.jpg\" \/>\n<meta name=\"twitter:card\" content=\"summary_large_image\" \/>\n<meta name=\"twitter:label1\" content=\"Tiempo de lectura\" \/>\n\t<meta name=\"twitter:data1\" content=\"1 minuto\" \/>\n<script type=\"application\/ld+json\" class=\"yoast-schema-graph\">{\"@context\":\"https:\/\/schema.org\",\"@graph\":[{\"@type\":\"WebPage\",\"@id\":\"https:\/\/www.escuelaisrael927.cl\/wordpress\/index.php\/directivos\/\",\"url\":\"https:\/\/www.escuelaisrael927.cl\/wordpress\/index.php\/directivos\/\",\"name\":\"Directivos - ESCUELA REP\u00daBLICA DE ISRAEL E-927\",\"isPartOf\":{\"@id\":\"https:\/\/www.escuelaisrael927.cl\/wordpress\/#website\"},\"primaryImageOfPage\":{\"@id\":\"https:\/\/www.escuelaisrael927.cl\/wordpress\/index.php\/directivos\/#primaryimage\"},\"image\":{\"@id\":\"https:\/\/www.escuelaisrael927.cl\/wordpress\/index.php\/directivos\/#primaryimage\"},\"thumbnailUrl\":\"https:\/\/www.escuelaisrael927.cl\/wordpress\/wp-content\/uploads\/2024\/06\/Yane-1.jpg\",\"datePublished\":\"2021-05-28T15:50:21+00:00\",\"dateModified\":\"2025-10-02T16:01:30+00:00\",\"breadcrumb\":{\"@id\":\"https:\/\/www.escuelaisrael927.cl\/wordpress\/index.php\/directivos\/#breadcrumb\"},\"inLanguage\":\"es\",\"potentialAction\":[{\"@type\":\"ReadAction\",\"target\":[\"https:\/\/www.escuelaisrael927.cl\/wordpress\/index.php\/directivos\/\"]}]},{\"@type\":\"ImageObject\",\"inLanguage\":\"es\",\"@id\":\"https:\/\/www.escuelaisrael927.cl\/wordpress\/index.php\/directivos\/#primaryimage\",\"url\":\"https:\/\/www.escuelaisrael927.cl\/wordpress\/wp-content\/uploads\/2024\/06\/Yane-1.jpg\",\"contentUrl\":\"https:\/\/www.escuelaisrael927.cl\/wordpress\/wp-content\/uploads\/2024\/06\/Yane-1.jpg\",\"width\":381,\"height\":523},{\"@type\":\"BreadcrumbList\",\"@id\":\"https:\/\/www.escuelaisrael927.cl\/wordpress\/index.php\/directivos\/#breadcrumb\",\"itemListElement\":[{\"@type\":\"ListItem\",\"position\":1,\"name\":\"Portada\",\"item\":\"https:\/\/www.escuelaisrael927.cl\/wordpress\/\"},{\"@type\":\"ListItem\",\"position\":2,\"name\":\"Directivos\"}]},{\"@type\":\"WebSite\",\"@id\":\"https:\/\/www.escuelaisrael927.cl\/wordpress\/#website\",\"url\":\"https:\/\/www.escuelaisrael927.cl\/wordpress\/\",\"name\":\"ESCUELA REPUBLICA DE ISRAEL E-927\",\"description\":\"200 a\u00f1os Los \u00c1ngeles  \",\"publisher\":{\"@id\":\"https:\/\/www.escuelaisrael927.cl\/wordpress\/#organization\"},\"potentialAction\":[{\"@type\":\"SearchAction\",\"target\":{\"@type\":\"EntryPoint\",\"urlTemplate\":\"https:\/\/www.escuelaisrael927.cl\/wordpress\/?s={search_term_string}\"},\"query-input\":\"required name=search_term_string\"}],\"inLanguage\":\"es\"},{\"@type\":\"Organization\",\"@id\":\"https:\/\/www.escuelaisrael927.cl\/wordpress\/#organization\",\"name\":\"Escuela Republica de Israel\",\"url\":\"https:\/\/www.escuelaisrael927.cl\/wordpress\/\",\"logo\":{\"@type\":\"ImageObject\",\"inLanguage\":\"es\",\"@id\":\"https:\/\/www.escuelaisrael927.cl\/wordpress\/#\/schema\/logo\/image\/\",\"url\":\"https:\/\/www.escuelaisrael927.cl\/wordpress\/wp-content\/uploads\/2021\/04\/logo11.png\",\"contentUrl\":\"https:\/\/www.escuelaisrael927.cl\/wordpress\/wp-content\/uploads\/2021\/04\/logo11.png\",\"width\":512,\"height\":518,\"caption\":\"Escuela Republica de Israel\"},\"image\":{\"@id\":\"https:\/\/www.escuelaisrael927.cl\/wordpress\/#\/schema\/logo\/image\/\"},\"sameAs\":[\"https:\/\/www.facebook.com\/Escuela-Rep\u00fablica-de-Israel-Los-\u00c1ngeles-1828716017412048\"]}]}<\/script>\n<!-- \/ Yoast SEO plugin. -->","yoast_head_json":{"title":"Directivos - ESCUELA REP\u00daBLICA DE ISRAEL E-927","robots":{"index":"index","follow":"follow","max-snippet":"max-snippet:-1","max-image-preview":"max-image-preview:large","max-video-preview":"max-video-preview:-1"},"canonical":"https:\/\/www.escuelaisrael927.cl\/wordpress\/index.php\/directivos\/","og_locale":"es_ES","og_type":"article","og_title":"Directivos - ESCUELA REP\u00daBLICA DE ISRAEL E-927","og_description":"YANE ALARC\u00d3N CAMPOS DIRECTORA GENERAL ESCUELA REP\u00daBLICA DE ISRAEL CARMEN GLORIA BURGOS INSPECTORA GENERAL ESCUELA REP\u00daBLICA DE ISRAEL SANDRA JARA OBREQUE JEFA UNIDAD T\u00c9CNICA PEDAG\u00d3GICA ESCUELA REP\u00daBLICA DE ISRAEL","og_url":"https:\/\/www.escuelaisrael927.cl\/wordpress\/index.php\/directivos\/","og_site_name":"ESCUELA REP\u00daBLICA DE ISRAEL E-927","article_publisher":"https:\/\/www.facebook.com\/Escuela-Rep%c3%bablica-de-Israel-Los-%c3%81ngeles-1828716017412048","article_modified_time":"2025-10-02T16:01:30+00:00","og_image":[{"url":"https:\/\/www.escuelaisrael927.cl\/wordpress\/wp-content\/uploads\/2024\/06\/Yane-1.jpg"}],"twitter_card":"summary_large_image","twitter_misc":{"Tiempo de lectura":"1 minuto"},"schema":{"@context":"https:\/\/schema.org","@graph":[{"@type":"WebPage","@id":"https:\/\/www.escuelaisrael927.cl\/wordpress\/index.php\/directivos\/","url":"https:\/\/www.escuelaisrael927.cl\/wordpress\/index.php\/directivos\/","name":"Directivos - ESCUELA REP\u00daBLICA DE ISRAEL E-927","isPartOf":{"@id":"https:\/\/www.escuelaisrael927.cl\/wordpress\/#website"},"primaryImageOfPage":{"@id":"https:\/\/www.escuelaisrael927.cl\/wordpress\/index.php\/directivos\/#primaryimage"},"image":{"@id":"https:\/\/www.escuelaisrael927.cl\/wordpress\/index.php\/directivos\/#primaryimage"},"thumbnailUrl":"https:\/\/www.escuelaisrael927.cl\/wordpress\/wp-content\/uploads\/2024\/06\/Yane-1.jpg","datePublished":"2021-05-28T15:50:21+00:00","dateModified":"2025-10-02T16:01:30+00:00","breadcrumb":{"@id":"https:\/\/www.escuelaisrael927.cl\/wordpress\/index.php\/directivos\/#breadcrumb"},"inLanguage":"es","potentialAction":[{"@type":"ReadAction","target":["https:\/\/www.escuelaisrael927.cl\/wordpress\/index.php\/directivos\/"]}]},{"@type":"ImageObject","inLanguage":"es","@id":"https:\/\/www.escuelaisrael927.cl\/wordpress\/index.php\/directivos\/#primaryimage","url":"https:\/\/www.escuelaisrael927.cl\/wordpress\/wp-content\/uploads\/2024\/06\/Yane-1.jpg","contentUrl":"https:\/\/www.escuelaisrael927.cl\/wordpress\/wp-content\/uploads\/2024\/06\/Yane-1.jpg","width":381,"height":523},{"@type":"BreadcrumbList","@id":"https:\/\/www.escuelaisrael927.cl\/wordpress\/index.php\/directivos\/#breadcrumb","itemListElement":[{"@type":"ListItem","position":1,"name":"Portada","item":"https:\/\/www.escuelaisrael927.cl\/wordpress\/"},{"@type":"ListItem","position":2,"name":"Directivos"}]},{"@type":"WebSite","@id":"https:\/\/www.escuelaisrael927.cl\/wordpress\/#website","url":"https:\/\/www.escuelaisrael927.cl\/wordpress\/","name":"ESCUELA REPUBLICA DE ISRAEL E-927","description":"200 a\u00f1os Los \u00c1ngeles  ","publisher":{"@id":"https:\/\/www.escuelaisrael927.cl\/wordpress\/#organization"},"potentialAction":[{"@type":"SearchAction","target":{"@type":"EntryPoint","urlTemplate":"https:\/\/www.escuelaisrael927.cl\/wordpress\/?s={search_term_string}"},"query-input":"required name=search_term_string"}],"inLanguage":"es"},{"@type":"Organization","@id":"https:\/\/www.escuelaisrael927.cl\/wordpress\/#organization","name":"Escuela Republica de Israel","url":"https:\/\/www.escuelaisrael927.cl\/wordpress\/","logo":{"@type":"ImageObject","inLanguage":"es","@id":"https:\/\/www.escuelaisrael927.cl\/wordpress\/#\/schema\/logo\/image\/","url":"https:\/\/www.escuelaisrael927.cl\/wordpress\/wp-content\/uploads\/2021\/04\/logo11.png","contentUrl":"https:\/\/www.escuelaisrael927.cl\/wordpress\/wp-content\/uploads\/2021\/04\/logo11.png","width":512,"height":518,"caption":"Escuela Republica de Israel"},"image":{"@id":"https:\/\/www.escuelaisrael927.cl\/wordpress\/#\/schema\/logo\/image\/"},"sameAs":["https:\/\/www.facebook.com\/Escuela-Rep\u00fablica-de-Israel-Los-\u00c1ngeles-1828716017412048"]}]}},"_links":{"self":[{"href":"https:\/\/www.escuelaisrael927.cl\/wordpress\/index.php\/wp-json\/wp\/v2\/pages\/271","targetHints":{"allow":["GET"]}}],"collection":[{"href":"https:\/\/www.escuelaisrael927.cl\/wordpress\/index.php\/wp-json\/wp\/v2\/pages"}],"about":[{"href":"https:\/\/www.escuelaisrael927.cl\/wordpress\/index.php\/wp-json\/wp\/v2\/types\/page"}],"author":[{"embeddable":true,"href":"https:\/\/www.escuelaisrael927.cl\/wordpress\/index.php\/wp-json\/wp\/v2\/users\/1"}],"replies":[{"embeddable":true,"href":"https:\/\/www.escuelaisrael927.cl\/wordpress\/index.php\/wp-json\/wp\/v2\/comments?post=271"}],"version-history":[{"count":6,"href":"https:\/\/www.escuelaisrael927.cl\/wordpress\/index.php\/wp-json\/wp\/v2\/pages\/271\/revisions"}],"predecessor-version":[{"id":2675,"href":"https:\/\/www.escuelaisrael927.cl\/wordpress\/index.php\/wp-json\/wp\/v2\/pages\/271\/revisions\/2675"}],"wp:attachment":[{"href":"https:\/\/www.escuelaisrael927.cl\/wordpress\/index.php\/wp-json\/wp\/v2\/media?parent=271"}],"curies":[{"name":"wp","href":"https:\/\/api.w.org\/{rel}","templated":true}]}}